{"id":12,"date":"2017-06-03T22:48:34","date_gmt":"2017-06-03T22:48:34","guid":{"rendered":"http:\/\/xtratheme.com\/gym\/?page_id=12"},"modified":"2026-08-26T18:02:58","modified_gmt":"2026-08-26T18:02:58","slug":"home","status":"publish","type":"page","link":"https:\/\/bashkimi.ch\/de\/","title":{"rendered":"Home"},"content":{"rendered":"<div class=\"wpb-content-wrapper\" id=\"wpb-content-root\"><div class=\"vc_row wpb_row vc_row-fluid\"><div class=\"wpb_column vc_column_container vc_col-sm-12\"><div class=\"vc_column-inner\"><div class=\"wpb_wrapper\"><div id=\"cz_1390\" class=\"cz_1390 cz_title clr cz_title_ba_line cz_title_pos_inline tac\"><div class=\"cz_title_shape shape_text cz_shape_1\"><\/div><div class=\"cz_title_content\"><div class=\"cz_wpe_content\"><h3 style=\"text-align: center;\"><span style=\"font-size: 52px; font-weight: bold;\"><strong><span style=\"font-weight: 300;\">Shoqata Kulturore <\/span><\/strong><\/span><span style=\"font-size: 52px; font-weight: bold;\"><strong><span style=\"color: #ff4938; font-weight: 900;\">Bashkimi <\/span><\/strong><\/span><span style=\"font-size: 52px; font-weight: 300;\">me ju q\u00eb nga viti <span style=\"color: #ff4938;\">1993<\/span><\/span><\/h3>\n<p style=\"text-align: center;\">BASHKIMI \u00ebsht\u00eb nj\u00eb shoqat\u00eb shqiptare n\u00eb Zvic\u00ebr q\u00eb promovon kultur\u00ebn shqiptare p\u00ebrmes aktiviteteve kulturore.<\/p>\n<\/div><div class=\"cz_title_line cz_line_after_title\"><span>_<\/span><\/div><\/div><\/div>\n\t<div class=\"wpb_text_column wpb_content_element vc_custom_1752512060960\" >\n\t\t<div class=\"wpb_wrapper\">\n\t\t\t<p style=\"text-align: center;\"><span style=\"font-family: Arial;\"><strong>Themelimi dhe misioni fillestar<\/strong><\/span><\/p>\n<p style=\"text-align: center;\"><span style=\"font-family: Arial;\">Shoqata \u201cBashkimi\u201d u themelua n\u00eb vitin 1993, n\u00eb qytetin Uster t\u00eb Zvicr\u00ebs, nga nj\u00eb grup m\u00ebrgimtar\u00ebsh shqiptar\u00eb t\u00eb ardhur nga trojet tona etnike. N\u00eb nj\u00eb periudh\u00eb t\u00eb trazuar p\u00ebr popullin shqiptar, sidomos n\u00eb Kosov\u00eb dhe Maqedoni, themeluesit e k\u00ebsaj shoqate pan\u00eb t\u00eb domosdoshme ngritjen e nj\u00eb qendre shqiptare ku t\u00eb takoheshin, t\u00eb bisedonin dhe t\u00eb mobilizoheshin rreth \u00e7\u00ebshtjes komb\u00ebtare. Shum\u00eb prej an\u00ebtar\u00ebve t\u00eb par\u00eb ishin t\u00eb p\u00ebrndjekur politikisht, q\u00eb kishin gjetur strehim n\u00eb Zvic\u00ebr dhe kishin nj\u00eb ndjenj\u00eb t\u00eb fort\u00eb detyrimi ndaj vendlindjes.<\/span><\/p>\n\n\t\t<\/div>\n\t<\/div>\n<div class=\"cz_gap clr  hide_on_mobile\" style=\"height: 50px\"><\/div><div class=\"cz_gap show_on_mobile clr\" style=\"height: 20px\"><\/div><\/div><\/div><\/div><\/div><div class=\"vc_row wpb_row vc_row-fluid\"><div class=\"wpb_column vc_column_container vc_col-sm-12 vc_col-lg-6 vc_col-md-6\"><div class=\"vc_column-inner\"><div class=\"wpb_wrapper\"><div class=\"cz_eqh cz_content_box_parent_fx  \"><div class=\"fx_bob_hover\"><div id=\"cz_31183\" class=\"cz_31183 cz_content_box clr\"><div class=\"cz_box_front clr\"><div class=\"cz_box_front_inner clr \"><span><\/span><div><div class=\"cz_gap clr \" style=\"height: 10px\"><\/div><div id=\"cz_6616\" class=\"cz_6616 cz_title clr cz_title_pos_inline\"><div class=\"cz_title_shape shape_text cz_shape_1\">ORGANIGRAMI<\/div><div class=\"cz_title_content\"><div class=\"cz_wpe_content\"><h3><span style=\"font-size: 32px; font-weight: 900;\"><span style=\"font-weight: 300;\">Organigrami i <\/span>Shoqat\u00ebs<\/span><\/h3>\n<\/div><\/div><\/div>\n\t<div class=\"wpb_text_column wpb_content_element\" >\n\t\t<div class=\"wpb_wrapper\">\n\t\t\t<p>Bordi Drejtues udh\u00ebheq, Drejtori Ekzekutiv zbaton,<br \/>\nkurse ekipet operojn\u00eb me mision t\u00eb qart\u00eb.<\/p>\n\n\t\t<\/div>\n\t<\/div>\n<div class=\"\"><div class=\"cz_60245_p\"><a id=\"cz_60245\" class=\"cz_60245 cz_btn cz_btn_txt_fade cz_btn_blur cz_btn_icon_after cz_mobile_btn_center\" href=\"https:\/\/bashkimi.ch\/ekipi\/\" title=\"Ekipi\" role=\"button\" tabindex=\"0\" aria-label=\"Ekipi\"><span><strong>Lexo m\u00eb shum\u00eb<\/strong><i class=\"fa fa-angle-right\"><\/i><\/span><b class=\"cz_btn_onhover\"><strong>Lexo m\u00eb shum\u00eb<\/strong><i class=\"fa fa-angle-right\"><\/i><\/b><\/a><\/div><\/div><\/div><\/div><\/div><\/div><\/div><\/div><div class=\"cz_gap clr  hide_on_tablet hide_on_mobile\" style=\"height: 1px\"><\/div><div class=\"cz_gap show_on_tablet clr \" style=\"height: 50px\"><\/div><\/div><\/div><\/div><div class=\"wpb_column vc_column_container vc_col-sm-12 vc_col-lg-6 vc_col-md-6\"><div class=\"vc_column-inner\"><div class=\"wpb_wrapper\"><div class=\"cz_eqh cz_content_box_parent_fx  \"><div class=\"fx_bob_hover\"><div id=\"cz_96596\" class=\"cz_96596 cz_content_box clr\"><div class=\"cz_box_front clr\"><div class=\"cz_box_front_inner clr \"><span><\/span><div><div class=\"cz_gap clr \" style=\"height: 10px\"><\/div><div id=\"cz_1287\" class=\"cz_1287 cz_title clr cz_title_pos_inline\"><div class=\"cz_title_shape shape_text cz_shape_1\">STATUTI<\/div><div class=\"cz_title_content\"><div class=\"cz_wpe_content\"><h3><span style=\"font-size: 32px; font-weight: 900;\"><span style=\"font-weight: 300;\">Statuti i <\/span>Shoqat\u00ebs<\/span><\/h3>\n<\/div><\/div><\/div>\n\t<div class=\"wpb_text_column wpb_content_element\" >\n\t\t<div class=\"wpb_wrapper\">\n\t\t\t<p>Satuti i ri u aprovua nga t\u00eb gjith\u00eb pranishmit n\u00eb mbledhjen e<br \/>\nKuvendit me dat\u00ebn 04.02.2024<\/p>\n\n\t\t<\/div>\n\t<\/div>\n<div class=\"\"><div class=\"cz_50763_p\"><a id=\"cz_50763\" class=\"cz_50763 cz_btn cz_btn_txt_fade cz_btn_blur cz_btn_icon_after cz_mobile_btn_center\" href=\"https:\/\/bashkimi.ch\/pdfviewer\/revista-2\/?auto_viewer=true#page=&zoom=page-fit&pagemode=thumbs\" target=\"_blank\"><span><strong>Lexo m\u00eb shum\u00eb<\/strong><i class=\"fa fa-angle-right\"><\/i><\/span><b class=\"cz_btn_onhover\"><strong>Lexo m\u00eb shum\u00eb<\/strong><i class=\"fa fa-angle-right\"><\/i><\/b><\/a><\/div><\/div><\/div><\/div><\/div><\/div><\/div><\/div><\/div><\/div><\/div><\/div><div class=\"vc_row wpb_row vc_row-fluid\"><div class=\"wpb_column vc_column_container vc_col-sm-12\"><div class=\"vc_column-inner\"><div class=\"wpb_wrapper\"><div class=\"cz_gap clr  hide_on_tablet hide_on_mobile\" style=\"height: 150px\"><\/div><div class=\"cz_gap show_on_tablet clr \" style=\"height: 75px\"><\/div><div id=\"cz_64633\" class=\"cz_64633 cz_title clr cz_title_pos_inline tac\"><div class=\"cz_title_content\"><div class=\"cz_wpe_content\"><p style=\"text-align: center;\"><span style=\"font-size: 20px; color: #999999; font-weight: 300;\">Shtylla kryesore e shoqat\u00ebs tone<\/span><\/p>\n<\/div><\/div><\/div><div id=\"cz_35020\" class=\"cz_35020 cz_title clr cz_title_ba_line cz_title_pos_inline tac\"><div class=\"cz_title_content\"><div class=\"cz_wpe_content\"><h3 style=\"text-align: center;\"><span style=\"font-size: 52px; font-weight: bold;\"><strong><span style=\"font-weight: 300;\">Grupet e <\/span><\/strong><\/span><span style=\"font-size: 52px; font-weight: bold;\"><span style=\"color: #ff4938; font-weight: 900;\">Vall\u00ebzimit<\/span><span style=\"font-weight: 300;\"> t\u00eb shoqat\u00ebs Bashkimi<\/span><\/span><\/h3>\n<\/div><div class=\"cz_title_line cz_line_after_title\"><span>_<\/span><\/div><\/div><\/div><div class=\"cz_gap clr  hide_on_tablet hide_on_mobile\" style=\"height: 75px\"><\/div><div class=\"cz_gap show_on_tablet clr \" style=\"height: 50px\"><\/div><\/div><\/div><\/div><\/div><div class=\"vc_row wpb_row vc_row-fluid\"><div class=\"wpb_column vc_column_container vc_col-sm-12 vc_col-md-4\"><div class=\"vc_column-inner\"><div class=\"wpb_wrapper\"><div class=\"cz_gap clr \" style=\"height: 30px\"><\/div><div class=\"cz_eqh cz_content_box_parent_fx  \"><div class=\"fx_bob_hover\"><div id=\"cz_88454\" class=\"cz_88454 cz_content_box clr\"><div class=\"cz_box_front clr\"><div class=\"cz_box_front_inner clr \"><span><\/span><div><div id=\"cz_8109\" class=\"cz_8109 cz_title clr cz_title_ba_line cz_title_pos_inline tac\"><div class=\"cz_title_content\"><div class=\"cz_wpe_content\"><h4 style=\"text-align: center;\"><span style=\"font-size: 26px;\">Shqiponjat<\/span><\/h4>\n<\/div><div class=\"cz_title_line cz_line_after_title\"><span>_<\/span><\/div><\/div><\/div>\n\t<div class=\"wpb_text_column wpb_content_element\" >\n\t\t<div class=\"wpb_wrapper\">\n\t\t\t<p style=\"text-align: center;\"><strong>MEHRZWECKSAAL KREUZ<\/strong><br \/>\nApothekerstrasse 13, 8610 Uster<br \/>\nOrari: \u00c7do t\u00eb premte nga ora: 20:00-21:45<\/p>\n\n\t\t<\/div>\n\t<\/div>\n<\/div><\/div><\/div><\/div><\/div><\/div><div class=\"cz_gap clr \" style=\"height: 30px\"><\/div><div class=\"cz_eqh cz_content_box_parent_fx  \"><div class=\"fx_bob_hover\"><div id=\"cz_23089\" class=\"cz_23089 cz_content_box clr\"><div class=\"cz_box_front clr\"><div class=\"cz_box_front_inner clr \"><span><\/span><div><div id=\"cz_6838\" class=\"cz_6838 cz_title clr cz_title_ba_line cz_title_pos_inline tac\"><div class=\"cz_title_content\"><div class=\"cz_wpe_content\"><h4 style=\"text-align: center;\"><span style=\"font-size: 26px;\">Harabelat<\/span><\/h4>\n<\/div><div class=\"cz_title_line cz_line_after_title\"><span>_<\/span><\/div><\/div><\/div>\n\t<div class=\"wpb_text_column wpb_content_element\" >\n\t\t<div class=\"wpb_wrapper\">\n\t\t\t<p style=\"text-align: center;\"><strong>Schuleinheit Oberuster<\/strong><br \/>\nAathalstrasse 31, 8610 Uster<br \/>\nOrari: \u00c7do t\u00eb premte nga ora: 18:00-19:45<\/p>\n\n\t\t<\/div>\n\t<\/div>\n<\/div><\/div><\/div><\/div><\/div><\/div><div class=\"cz_gap clr \" style=\"height: 30px\"><\/div><div class=\"cz_eqh cz_content_box_parent_fx  \"><div class=\"fx_bob_hover\"><div id=\"cz_10220\" class=\"cz_10220 cz_content_box clr\"><div class=\"cz_box_front clr\"><div class=\"cz_box_front_inner clr \"><span><\/span><div><div id=\"cz_11103\" class=\"cz_11103 cz_title clr cz_title_ba_line cz_title_pos_inline tac\"><div class=\"cz_title_content\"><div class=\"cz_wpe_content\"><h4 style=\"text-align: center;\"><span style=\"font-size: 26px;\">Kanarinat<\/span><\/h4>\n<\/div><div class=\"cz_title_line cz_line_after_title\"><span>_<\/span><\/div><\/div><\/div>\n\t<div class=\"wpb_text_column wpb_content_element\" >\n\t\t<div class=\"wpb_wrapper\">\n\t\t\t<p style=\"text-align: center;\"><strong>Lokali i Shoqat\u00ebs &#8211; Zeughaus<\/strong><br \/>\nBerchtoldstrasse 10, 8610 Uster<br \/>\nOrari: \u00c7do t\u00eb premte nga ora: 18:00-19:45<\/p>\n\n\t\t<\/div>\n\t<\/div>\n<\/div><\/div><\/div><\/div><\/div><\/div><\/div><\/div><\/div><div class=\"wpb_column vc_column_container vc_col-sm-12 vc_col-md-4\"><div class=\"vc_column-inner\"><div class=\"wpb_wrapper\"><div class=\"cz_gap clr \" style=\"height: 30px\"><\/div><div class=\"cz_eqh cz_content_box_parent_fx  \"><div class=\"fx_bob_hover\"><div id=\"cz_78385\" class=\"cz_78385 cz_content_box clr\"><div class=\"cz_box_front clr\"><div class=\"cz_box_front_inner clr \"><span><\/span><div><div id=\"cz_57044\" class=\"cz_57044 cz_title clr cz_title_ba_line cz_title_pos_inline tac\"><div class=\"cz_title_content\"><div class=\"cz_wpe_content\"><h4 style=\"text-align: center;\"><span style=\"font-size: 26px;\"> Pul\u00ebbardhat<\/span><\/h4>\n<\/div><div class=\"cz_title_line cz_line_after_title\"><span>_<\/span><\/div><\/div><\/div>\n\t<div class=\"wpb_text_column wpb_content_element\" >\n\t\t<div class=\"wpb_wrapper\">\n\t\t\t<p style=\"text-align: center;\"><strong>Schuleinheit Oberuster<\/strong><br \/>\nAathalstrasse 31, 8610 Uster<br \/>\nOrari: \u00c7do t\u00eb premte nga ora: 20:00-21:45<\/p>\n\n\t\t<\/div>\n\t<\/div>\n<\/div><\/div><\/div><\/div><\/div><\/div><div class=\"cz_gap clr \" style=\"height: 30px\"><\/div><div class=\"cz_eqh cz_content_box_parent_fx  \"><div class=\"fx_bob_hover\"><div id=\"cz_39554\" class=\"cz_39554 cz_content_box clr\"><div class=\"cz_box_front clr\"><div class=\"cz_box_front_inner clr \"><span><\/span><div><div id=\"cz_108106\" class=\"cz_108106 cz_title clr cz_title_ba_line cz_title_pos_inline tac\"><div class=\"cz_title_content\"><div class=\"cz_wpe_content\"><h4 style=\"text-align: center;\"><span style=\"font-size: 26px;\">Bilbilat<\/span><\/h4>\n<\/div><div class=\"cz_title_line cz_line_after_title\"><span>_<\/span><\/div><\/div><\/div>\n\t<div class=\"wpb_text_column wpb_content_element\" >\n\t\t<div class=\"wpb_wrapper\">\n\t\t\t<p style=\"text-align: center;\"><strong>Lokali i Shoqat\u00ebs &#8211; Zeughaus<\/strong><br \/>\nBerchtoldstrasse 10, 8610 Uster<br \/>\nOrari: \u00c7do t\u00eb premte nga ora: 18:00-19:45<\/p>\n\n\t\t<\/div>\n\t<\/div>\n<\/div><\/div><\/div><\/div><\/div><\/div><div class=\"cz_gap clr \" style=\"height: 30px\"><\/div><div class=\"cz_eqh cz_content_box_parent_fx  \"><div class=\"fx_bob_hover\"><div id=\"cz_4000\" class=\"cz_4000 cz_content_box clr\"><div class=\"cz_box_front clr\"><div class=\"cz_box_front_inner clr \"><span><\/span><div><div id=\"cz_2409\" class=\"cz_2409 cz_title clr cz_title_ba_line cz_title_pos_inline tac\"><div class=\"cz_title_content\"><div class=\"cz_wpe_content\"><h4 style=\"text-align: center;\"><span style=\"font-size: 26px;\">P\u00ebllumbat<\/span><\/h4>\n<\/div><div class=\"cz_title_line cz_line_after_title\"><span>_<\/span><\/div><\/div><\/div>\n\t<div class=\"wpb_text_column wpb_content_element\" >\n\t\t<div class=\"wpb_wrapper\">\n\t\t\t<p style=\"text-align: center;\"><strong>Schuleinheit Oberuster<\/strong><br \/>\nAathalstrasse 31, 8610 Uster<br \/>\nOrari: \u00c7do t\u00eb premte nga ora: 20:00-21:45<\/p>\n\n\t\t<\/div>\n\t<\/div>\n<\/div><\/div><\/div><\/div><\/div><\/div><\/div><\/div><\/div><div class=\"wpb_column vc_column_container vc_col-sm-12 vc_col-md-4\"><div class=\"vc_column-inner\"><div class=\"wpb_wrapper\"><div class=\"cz_gap clr \" style=\"height: 30px\"><\/div><div class=\"cz_eqh cz_content_box_parent_fx  \"><div class=\"fx_bob_hover\"><div id=\"cz_66426\" class=\"cz_66426 cz_content_box clr\"><div class=\"cz_box_front clr\"><div class=\"cz_box_front_inner clr \"><span><\/span><div><div id=\"cz_6089\" class=\"cz_6089 cz_title clr cz_title_ba_line cz_title_pos_inline tac\"><div class=\"cz_title_content\"><div class=\"cz_wpe_content\"><h4 style=\"text-align: center;\"><span style=\"font-size: 26px;\">Dall\u00ebndyshet<\/span><\/h4>\n<\/div><div class=\"cz_title_line cz_line_after_title\"><span>_<\/span><\/div><\/div><\/div>\n\t<div class=\"wpb_text_column wpb_content_element\" >\n\t\t<div class=\"wpb_wrapper\">\n\t\t\t<p style=\"text-align: center;\"><strong>Mehrzwecksaal Kreuz<\/strong><br \/>\nApothekerstrasse 13, 8610 Uster<br \/>\nOrari: \u00c7do t\u00eb premte nga ora: 18:00-19:45<\/p>\n\n\t\t<\/div>\n\t<\/div>\n<\/div><\/div><\/div><\/div><\/div><\/div><div class=\"cz_gap clr \" style=\"height: 30px\"><\/div><div class=\"cz_eqh cz_content_box_parent_fx  \"><div class=\"fx_bob_hover\"><div id=\"cz_54130\" class=\"cz_54130 cz_content_box clr\"><div class=\"cz_box_front clr\"><div class=\"cz_box_front_inner clr \"><span><\/span><div><div id=\"cz_2952\" class=\"cz_2952 cz_title clr cz_title_ba_line cz_title_pos_inline tac\"><div class=\"cz_title_content\"><div class=\"cz_wpe_content\"><h4 style=\"text-align: center;\"><span style=\"font-size: 26px;\">Fluturat<\/span><\/h4>\n<\/div><div class=\"cz_title_line cz_line_after_title\"><span>_<\/span><\/div><\/div><\/div>\n\t<div class=\"wpb_text_column wpb_content_element\" >\n\t\t<div class=\"wpb_wrapper\">\n\t\t\t<p style=\"text-align: center;\"><strong>Freizeit- und Jugendzentrum Frjz<\/strong><br \/>\nZ\u00fcrichstrasse 30, 8610 Uster<br \/>\nOrari: \u00c7do t\u00eb premte nga ora: 18:00-19:45<\/p>\n\n\t\t<\/div>\n\t<\/div>\n<\/div><\/div><\/div><\/div><\/div><\/div><div class=\"cz_gap clr \" style=\"height: 30px\"><\/div><div class=\"cz_eqh cz_content_box_parent_fx  \"><div class=\"fx_bob_hover\"><div id=\"cz_5483\" class=\"cz_5483 cz_content_box clr\"><div class=\"cz_box_front clr\"><div class=\"cz_box_front_inner clr \"><span><\/span><div><div id=\"cz_4801\" class=\"cz_4801 cz_title clr cz_title_ba_line cz_title_pos_inline tac\"><div class=\"cz_title_content\"><div class=\"cz_wpe_content\"><h4 style=\"text-align: center;\"><span style=\"font-size: 26px;\">Grupi n\u00eb ardhje<\/span><\/h4>\n<\/div><div class=\"cz_title_line cz_line_after_title\"><span>_<\/span><\/div><\/div><\/div>\n\t<div class=\"wpb_text_column wpb_content_element\" >\n\t\t<div class=\"wpb_wrapper\">\n\t\t\t<p style=\"text-align: center;\">Informacionet vijn\u00eb n\u00eb koh\u00ebn e duhur<br \/>\n.<br \/>\n.<\/p>\n\n\t\t<\/div>\n\t<\/div>\n<\/div><\/div><\/div><\/div><\/div><\/div><\/div><\/div><\/div><\/div><div class=\"vc_row wpb_row vc_row-fluid\"><div class=\"wpb_column vc_column_container vc_col-sm-12\"><div class=\"vc_column-inner\"><div class=\"wpb_wrapper\"><div class=\"cz_gap clr  hide_on_tablet hide_on_mobile\" style=\"height: 50px\"><\/div><div class=\"cz_gap show_on_tablet clr \" style=\"height: 75px\"><\/div><div id=\"cz_96065\" class=\"cz_96065 cz_title clr cz_title_pos_inline\"><div class=\"cz_title_content\"><div class=\"cz_wpe_content\"><\/div><\/div><\/div><div id=\"cz_86914\" class=\"cz_86914 cz_title clr cz_title_ba_line cz_title_pos_inline tac\"><div class=\"cz_title_content\"><div class=\"cz_wpe_content\"><h3 style=\"text-align: center; font-size: 52px;\"><strong><span style=\"color: #000000;\"><span style=\"font-size: 52px;\">Fjal\u00eb rasti nga personalitete<\/span> t\u00eb ndryshme<\/span><\/strong><\/h3>\n<\/div><div class=\"cz_title_line cz_line_after_title\"><span>_<\/span><\/div><\/div><\/div><div class=\"cz_gap clr  hide_on_tablet hide_on_mobile\" style=\"height: 100px\"><\/div><div class=\"cz_gap show_on_tablet clr \" style=\"height: 75px\"><\/div><\/div><\/div><\/div><\/div><div class=\"vc_row wpb_row vc_row-fluid\"><div class=\"wpb_column vc_column_container vc_col-sm-4\"><div class=\"vc_column-inner\"><div class=\"wpb_wrapper\"><div id=\"cz_81174\" class=\"cz_81174 cz_testimonials cz_testimonials_s6\"><div class=\"cz_testimonials_content\"><div class=\"cz_testimonials_meta\"><div class=\"cz_testimonials_avatar\"><img decoding=\"async\" width=\"150\" height=\"150\" src=\"https:\/\/bashkimi.ch\/wp-content\/uploads\/2025\/10\/Mentor-Latifi-150x150.jpg\" class=\"attachment-thumbnail\" alt=\"Mentor Latifi\" srcset=\"https:\/\/bashkimi.ch\/wp-content\/uploads\/2025\/10\/Mentor-Latifi-150x150.jpg 150w, https:\/\/bashkimi.ch\/wp-content\/uploads\/2025\/10\/Mentor-Latifi-600x600.jpg 600w\" sizes=\"auto, (max-width: 150px) 100vw, 150px\" loading=\"lazy\" \/><\/div><div class=\"cz_testimonials_name_subname\"><div class=\"cz_testimonials_name\">Mentor Latifi<\/div><div class=\"cz_testimonials_subname\">Ambasadori i Republik\u00ebs s\u00eb Kosov\u00ebs<\/div><\/div><\/div><div class=\"cz_wpe_content\"><div style=\"font-size: 14px; line-height: 1.4; margin: 0; padding: 0;\">\n<p style=\"text-align: center;\"><a href=\"https:\/\/bashkimi.ch\/fjale-nga-personalitete\/\"><span style=\"color: #ff4938;\">Lexo m\u00eb shum\u00eb \u2192<\/span><\/a><\/p>\n<\/div>\n<\/div><\/div><\/div><div class=\"cz_gap clr \" style=\"height: 50px\"><\/div><\/div><\/div><\/div><div class=\"wpb_column vc_column_container vc_col-sm-4\"><div class=\"vc_column-inner\"><div class=\"wpb_wrapper\"><div id=\"cz_75197\" class=\"cz_75197 cz_testimonials cz_testimonials_s6\"><div class=\"cz_testimonials_content\"><div class=\"cz_testimonials_meta\"><div class=\"cz_testimonials_avatar\"><img decoding=\"async\" width=\"150\" height=\"150\" src=\"https:\/\/bashkimi.ch\/wp-content\/uploads\/2025\/10\/Rexhep-Demiri_Ambasador-i-Maqedonise-150x150.jpeg\" class=\"attachment-thumbnail\" alt=\"Rexhep Demiri Ambasador i Maqedonis\u00eb\" title=\"Rexhep Demiri_Ambasador i Maqedonis\u00eb\" srcset=\"https:\/\/bashkimi.ch\/wp-content\/uploads\/2025\/10\/Rexhep-Demiri_Ambasador-i-Maqedonise-150x150.jpeg 150w, https:\/\/bashkimi.ch\/wp-content\/uploads\/2025\/10\/Rexhep-Demiri_Ambasador-i-Maqedonise-600x600.jpeg 600w\" sizes=\"auto, (max-width: 150px) 100vw, 150px\" loading=\"lazy\" \/><\/div><div class=\"cz_testimonials_name_subname\"><div class=\"cz_testimonials_name\">Rexhep Demiri<\/div><div class=\"cz_testimonials_subname\">Ambasadori i Republik\u00ebs s\u00eb Maqedonis\u00eb s\u00eb Veriut<\/div><\/div><\/div><div class=\"cz_wpe_content\"><div style=\"font-size: 14px; line-height: 1.4; margin: 0; padding: 0;\">\n<p style=\"text-align: center;\"><a href=\"https:\/\/bashkimi.ch\/fjale-nga-personalitete\/\"><span style=\"color: #ff4938;\">Lexo m\u00eb shum\u00eb \u2192<\/span><\/a><\/p>\n<\/div>\n<\/div><\/div><\/div><div class=\"cz_gap clr \" style=\"height: 50px\"><\/div><\/div><\/div><\/div><div class=\"wpb_column vc_column_container vc_col-sm-4\"><div class=\"vc_column-inner\"><div class=\"wpb_wrapper\"><div id=\"cz_87087\" class=\"cz_87087 cz_testimonials cz_testimonials_s6\"><div class=\"cz_testimonials_content\"><div class=\"cz_testimonials_meta\"><div class=\"cz_testimonials_avatar\"><img decoding=\"async\" width=\"150\" height=\"150\" src=\"https:\/\/bashkimi.ch\/wp-content\/uploads\/2025\/11\/Vigan-Berisha-150x150.jpeg\" class=\"attachment-thumbnail\" alt=\"Vigan Berisha\" title=\"Vigan-Berisha\" srcset=\"https:\/\/bashkimi.ch\/wp-content\/uploads\/2025\/11\/Vigan-Berisha-150x150.jpeg 150w, https:\/\/bashkimi.ch\/wp-content\/uploads\/2025\/11\/Vigan-Berisha-600x600.jpeg 600w\" sizes=\"auto, (max-width: 150px) 100vw, 150px\" loading=\"lazy\" \/><\/div><div class=\"cz_testimonials_name_subname\"><div class=\"cz_testimonials_name\">Vigan Berisha<\/div><div class=\"cz_testimonials_subname\">Shef i Misionit Konsullor t\u00eb Republik\u00ebs s\u00eb Kosov\u00ebs n\u00eb Cyrih<\/div><\/div><\/div><div class=\"cz_wpe_content\"><div style=\"font-size: 14px; line-height: 1.4; margin: 0; padding: 0;\">\n<p style=\"text-align: center;\"><a href=\"https:\/\/bashkimi.ch\/fjale-nga-personalitete\/\"><span style=\"color: #ff4938;\">Lexo m\u00eb shum\u00eb \u2192<\/span><\/a><\/p>\n<\/div>\n<\/div><\/div><\/div><div class=\"cz_gap clr \" style=\"height: 50px\"><\/div><\/div><\/div><\/div><\/div><div class=\"vc_row wpb_row vc_row-fluid\"><div class=\"wpb_column vc_column_container vc_col-sm-4\"><div class=\"vc_column-inner\"><div class=\"wpb_wrapper\"><div class=\"cz_gap clr \" style=\"height: 50px\"><\/div><div id=\"cz_9233\" class=\"cz_9233 cz_testimonials cz_testimonials_s6\"><div class=\"cz_testimonials_content\"><div class=\"cz_testimonials_meta\"><div class=\"cz_testimonials_avatar\"><img decoding=\"async\" width=\"150\" height=\"150\" src=\"https:\/\/bashkimi.ch\/wp-content\/uploads\/2026\/03\/Valon-Gashi_1-150x150.jpg\" class=\"attachment-thumbnail\" alt=\"Valon Gashi 1\" title=\"Valon Gashi_1\" loading=\"lazy\" \/><\/div><div class=\"cz_testimonials_name_subname\"><div class=\"cz_testimonials_name\">Valon Gashi<\/div><div class=\"cz_testimonials_subname\">Valon Gashi, Sekretar i Par\u00eb n\u00eb Ambasad\u00ebn e RSH-s\u00eb<\/div><\/div><\/div><div class=\"cz_wpe_content\"><div style=\"font-size: 14px; line-height: 1.4; margin: 0; padding: 0;\">\n<p style=\"text-align: center;\"><a href=\"https:\/\/bashkimi.ch\/fjale-nga-personalitete\/\"><span style=\"color: #ff4938;\">Lexo m\u00eb shum\u00eb \u2192<\/span><\/a><\/p>\n<\/div>\n<\/div><\/div><\/div><\/div><\/div><\/div><div class=\"wpb_column vc_column_container vc_col-sm-4\"><div class=\"vc_column-inner\"><div class=\"wpb_wrapper\"><div class=\"cz_gap clr \" style=\"height: 50px\"><\/div><div id=\"cz_100027\" class=\"cz_100027 cz_testimonials cz_testimonials_s6\"><div class=\"cz_testimonials_content\"><div class=\"cz_testimonials_meta\"><div class=\"cz_testimonials_avatar\"><img decoding=\"async\" width=\"150\" height=\"150\" src=\"https:\/\/bashkimi.ch\/wp-content\/uploads\/2025\/11\/Marin-Mema-150x150.jpg\" class=\"attachment-thumbnail\" alt=\"Marin Mema\" title=\"Marin-Mema\" srcset=\"https:\/\/bashkimi.ch\/wp-content\/uploads\/2025\/11\/Marin-Mema-150x150.jpg 150w, https:\/\/bashkimi.ch\/wp-content\/uploads\/2025\/11\/Marin-Mema-600x600.jpg 600w\" sizes=\"auto, (max-width: 150px) 100vw, 150px\" loading=\"lazy\" \/><\/div><div class=\"cz_testimonials_name_subname\"><div class=\"cz_testimonials_name\">Marin Mema<\/div><div class=\"cz_testimonials_subname\">Gazetar dhe Hulumtues<\/div><\/div><\/div><div class=\"cz_wpe_content\"><div style=\"font-size: 14px; line-height: 1.4; margin: 0; padding: 0;\">\n<p style=\"text-align: center;\"><a href=\"https:\/\/bashkimi.ch\/fjale-nga-personalitete\/\"><span style=\"color: #ff4938;\">Lexo m\u00eb shum\u00eb \u2192<\/span><\/a><\/p>\n<\/div>\n<\/div><\/div><\/div><\/div><\/div><\/div><div class=\"wpb_column vc_column_container vc_col-sm-4\"><div class=\"vc_column-inner\"><div class=\"wpb_wrapper\"><div class=\"cz_gap clr \" style=\"height: 50px\"><\/div><div id=\"cz_66096\" class=\"cz_66096 cz_testimonials cz_testimonials_s6\"><div class=\"cz_testimonials_content\"><div class=\"cz_testimonials_meta\"><div class=\"cz_testimonials_avatar\"><img decoding=\"async\" width=\"150\" height=\"150\" src=\"https:\/\/bashkimi.ch\/wp-content\/uploads\/2025\/11\/Cun-Lajci-150x150.jpg\" class=\"attachment-thumbnail\" alt=\"\u00c7un Laj\u00e7i\" title=\"\u00c7un-Laj\u00e7i\" loading=\"lazy\" \/><\/div><div class=\"cz_testimonials_name_subname\"><div class=\"cz_testimonials_name\">\u00c7un Laj\u00e7i<\/div><div class=\"cz_testimonials_subname\">Aartist \/ Autor<\/div><\/div><\/div><div class=\"cz_wpe_content\"><div style=\"font-size: 14px; line-height: 1.4; margin: 0; padding: 0;\">\n<p style=\"text-align: center;\"><a href=\"https:\/\/bashkimi.ch\/fjale-nga-personalitete\/\"><span style=\"color: #ff4938;\">Lexo m\u00eb shum\u00eb \u2192<\/span><\/a><\/p>\n<\/div>\n<\/div><\/div><\/div><\/div><\/div><\/div><\/div><div class=\"vc_row wpb_row vc_row-fluid\"><div class=\"wpb_column vc_column_container vc_col-sm-12\"><div class=\"vc_column-inner\"><div class=\"wpb_wrapper\"><div class=\"cz_gap clr  hide_on_mobile\" style=\"height: 100px\"><\/div><div class=\"cz_gap show_on_mobile clr\" style=\"height: 50px\"><\/div><\/div><\/div><\/div><\/div><div class=\"vc_row wpb_row vc_row-fluid\"><div class=\"wpb_column vc_column_container vc_col-sm-4\"><div class=\"vc_column-inner\"><div class=\"wpb_wrapper\"><div id=\"cz_7567\" class=\"cz_7567 cz_testimonials cz_testimonials_s6\"><div class=\"cz_testimonials_content\"><div class=\"cz_testimonials_meta\"><div class=\"cz_testimonials_avatar\"><img decoding=\"async\" width=\"150\" height=\"150\" src=\"https:\/\/bashkimi.ch\/wp-content\/uploads\/2026\/02\/Genci-Kastrati-photo-e1771543623750-150x150.jpg\" class=\"attachment-thumbnail\" alt=\"Genci Kastrati photo\" title=\"Genci-Kastrati-photo\" loading=\"lazy\" \/><\/div><div class=\"cz_testimonials_name_subname\"><div class=\"cz_testimonials_name\">Genci Kastrati<\/div><div class=\"cz_testimonials_subname\">Koreograf mjesht\u00ebr \/ Ansamblit Komb\u00ebtar t\u00eb K\u00ebng\u00ebve dhe Valleve Popullore<\/div><\/div><\/div><div class=\"cz_wpe_content\"><div style=\"font-size: 14px; line-height: 1.4; margin: 0; padding: 0;\">\n<p style=\"text-align: center;\"><a href=\"https:\/\/bashkimi.ch\/fjale-nga-personalitete\/\"><span style=\"color: #ff4938;\">Lexo m\u00eb shum\u00eb \u2192<\/span><\/a><\/p>\n<\/div>\n<\/div><\/div><\/div><\/div><\/div><\/div><div class=\"wpb_column vc_column_container vc_col-sm-4\"><div class=\"vc_column-inner\"><div class=\"wpb_wrapper\"><\/div><\/div><\/div><div class=\"wpb_column vc_column_container vc_col-sm-4\"><div class=\"vc_column-inner\"><div class=\"wpb_wrapper\"><\/div><\/div><\/div><\/div><div class=\"vc_row wpb_row vc_row-fluid vc_custom_1513763305674\"><div class=\"wpb_column vc_column_container vc_col-sm-12\"><div class=\"vc_column-inner\"><div class=\"wpb_wrapper\"><div class=\"cz_gap clr \" style=\"height: 50px\"><\/div><div class=\"cz_gap clr \" style=\"height: 50px\"><\/div><div id=\"cz_4531\" class=\"cz_4531 slick arrows_mlr no_dots\" data-slick='{\"selector\":\"\",\"slidesToShow\":5,\"slidesToScroll\":1,\"rows\":1,\"fade\":false,\"vertical\":false,\"verticalSwiping\":false,\"infinite\":true,\"speed\":1000,\"swipeToSlide\":true,\"centerMode\":false,\"centerPadding\":\"\",\"variableWidth\":false,\"autoplay\":true,\"autoplaySpeed\":2000,\"dots\":true,\"counts\":false,\"responsive\":[{\"breakpoint\":769,\"settings\":{\"slidesToShow\":3,\"slidesToScroll\":1,\"infinite\":true,\"touchMove\":true}},{\"breakpoint\":481,\"settings\":{\"slidesToShow\":1,\"slidesToScroll\":1,\"infinite\":true,\"touchMove\":true}}]}' data-slick-prev=\"fa fa-chevron-left\" data-slick-next=\"fa fa-chevron-right\"><a href=\"https:\/\/www.valiant.ch\/de\/w\/gst-uster\" target=\"_blank\" rel=\"noopener\"><div id=\"cz_1578\" data-position=\"top-right\" class=\"cz_1578 cz_image clr cz_image_no_fx center_on_mobile\"><div class=\"\" ><div class=\"cz_image_in\"><div class=\"cz_main_image\"><img fetchpriority=\"high\" loading=\"eager\" decoding=\"sync\" data-no-lazy=\"1\" width=\"360\" height=\"180\" src=\"https:\/\/bashkimi.ch\/wp-content\/uploads\/2025\/10\/Sponsoret.webp\" class=\"attachment-full\" alt=\"Sponsor\u00ebt\" srcset=\"https:\/\/bashkimi.ch\/wp-content\/uploads\/2025\/10\/Sponsoret.webp 360w, https:\/\/bashkimi.ch\/wp-content\/uploads\/2025\/10\/Sponsoret-300x150.webp 300w, https:\/\/bashkimi.ch\/wp-content\/uploads\/2025\/10\/Sponsoret-18x9.webp 18w\" sizes=\"(max-width: 360px) 100vw, 360px\"  \/><\/div><\/div><\/div><\/div><\/a><a href=\"#\"><div id=\"cz_3987\" data-position=\"top-right\" class=\"cz_3987 cz_image clr cz_image_no_fx center_on_mobile\"><div class=\"\" ><div class=\"cz_image_in\"><div class=\"cz_main_image\"><img decoding=\"async\" width=\"501\" height=\"324\" src=\"https:\/\/bashkimi.ch\/wp-content\/uploads\/2025\/10\/AUTO-EGI-CARROSSERIE-SPENGLEREI-1.jpg\" class=\"attachment-full\" alt=\"AUTO EGI CARROSSERIE SPENGLEREI 1\" title=\"AUTO-EGI-CARROSSERIE-SPENGLEREI-1\" srcset=\"https:\/\/bashkimi.ch\/wp-content\/uploads\/2025\/10\/AUTO-EGI-CARROSSERIE-SPENGLEREI-1.jpg 501w, https:\/\/bashkimi.ch\/wp-content\/uploads\/2025\/10\/AUTO-EGI-CARROSSERIE-SPENGLEREI-1-300x194.jpg 300w, https:\/\/bashkimi.ch\/wp-content\/uploads\/2025\/10\/AUTO-EGI-CARROSSERIE-SPENGLEREI-1-18x12.jpg 18w\" sizes=\"auto, (max-width: 501px) 100vw, 501px\" loading=\"lazy\" \/><\/div><\/div><\/div><\/div><\/a><a href=\"https:\/\/bpa-zug.ch\/\" target=\"_blank\" rel=\"noopener\"><div id=\"cz_9955\" data-position=\"top-right\" class=\"cz_9955 cz_image clr cz_image_no_fx center_on_mobile\"><div class=\"\" ><div class=\"cz_image_in\"><div class=\"cz_main_image\"><img decoding=\"async\" width=\"2560\" height=\"1735\" src=\"https:\/\/bashkimi.ch\/wp-content\/uploads\/2025\/11\/Logo-BPA-ZUG-GmbH-1-3-scaled.png\" class=\"attachment-full\" alt=\"Logo BPA ZUG GmbH (1) 3\" title=\"Logo BPA ZUG GmbH (1)-3\" srcset=\"https:\/\/bashkimi.ch\/wp-content\/uploads\/2025\/11\/Logo-BPA-ZUG-GmbH-1-3-scaled.png 2560w, https:\/\/bashkimi.ch\/wp-content\/uploads\/2025\/11\/Logo-BPA-ZUG-GmbH-1-3-300x203.png 300w, https:\/\/bashkimi.ch\/wp-content\/uploads\/2025\/11\/Logo-BPA-ZUG-GmbH-1-3-1024x694.png 1024w, https:\/\/bashkimi.ch\/wp-content\/uploads\/2025\/11\/Logo-BPA-ZUG-GmbH-1-3-768x521.png 768w, https:\/\/bashkimi.ch\/wp-content\/uploads\/2025\/11\/Logo-BPA-ZUG-GmbH-1-3-1536x1041.png 1536w, https:\/\/bashkimi.ch\/wp-content\/uploads\/2025\/11\/Logo-BPA-ZUG-GmbH-1-3-2048x1388.png 2048w, https:\/\/bashkimi.ch\/wp-content\/uploads\/2025\/11\/Logo-BPA-ZUG-GmbH-1-3-18x12.png 18w, https:\/\/bashkimi.ch\/wp-content\/uploads\/2025\/11\/Logo-BPA-ZUG-GmbH-1-3-600x407.png 600w\" sizes=\"auto, (max-width: 2560px) 100vw, 2560px\" loading=\"lazy\" \/><\/div><\/div><\/div><\/div><\/a><a href=\"https:\/\/www.stelladelcentrouster.ch\/\" target=\"_blank\" rel=\"noopener\"><div id=\"cz_4872\" data-position=\"top-right\" class=\"cz_4872 cz_image clr cz_image_no_fx center_on_mobile\"><div class=\"\" ><div class=\"cz_image_in\"><div class=\"cz_main_image\"><img decoding=\"async\" width=\"1988\" height=\"1327\" src=\"https:\/\/bashkimi.ch\/wp-content\/uploads\/2025\/02\/stella.jpg\" class=\"attachment-full\" alt=\"Stella\" title=\"stella\" srcset=\"https:\/\/bashkimi.ch\/wp-content\/uploads\/2025\/02\/stella.jpg 1988w, https:\/\/bashkimi.ch\/wp-content\/uploads\/2025\/02\/stella-300x200.jpg 300w, https:\/\/bashkimi.ch\/wp-content\/uploads\/2025\/02\/stella-1024x684.jpg 1024w, https:\/\/bashkimi.ch\/wp-content\/uploads\/2025\/02\/stella-768x513.jpg 768w, https:\/\/bashkimi.ch\/wp-content\/uploads\/2025\/02\/stella-1536x1025.jpg 1536w, https:\/\/bashkimi.ch\/wp-content\/uploads\/2025\/02\/stella-600x401.jpg 600w, https:\/\/bashkimi.ch\/wp-content\/uploads\/2025\/02\/stella-1000x668.jpg 1000w\" sizes=\"auto, (max-width: 1988px) 100vw, 1988px\" loading=\"lazy\" \/><\/div><\/div><\/div><\/div><\/a><a href=\"https:\/\/autohell.ch\/\" target=\"_blank\" rel=\"noopener\"><div id=\"cz_8723\" data-position=\"top-right\" class=\"cz_8723 cz_image clr cz_image_no_fx center_on_mobile\"><div class=\"\" ><div class=\"cz_image_in\"><div class=\"cz_main_image\"><img decoding=\"async\" width=\"225\" height=\"224\" src=\"https:\/\/bashkimi.ch\/wp-content\/uploads\/2025\/10\/AutoHell_Web_Logo-1.png\" class=\"attachment-full\" alt=\"AutoHell Web Logo\" title=\"AutoHell_Web_Logo\" srcset=\"https:\/\/bashkimi.ch\/wp-content\/uploads\/2025\/10\/AutoHell_Web_Logo-1.png 225w, https:\/\/bashkimi.ch\/wp-content\/uploads\/2025\/10\/AutoHell_Web_Logo-1-150x150.png 150w, https:\/\/bashkimi.ch\/wp-content\/uploads\/2025\/10\/AutoHell_Web_Logo-1-12x12.png 12w\" sizes=\"auto, (max-width: 225px) 100vw, 225px\" loading=\"lazy\" \/><\/div><\/div><\/div><\/div><\/a><\/div><div><\/div><\/div><\/div><\/div><\/div><div class=\"vc_row wpb_row vc_row-fluid\"><div class=\"wpb_column vc_column_container vc_col-sm-6\"><div class=\"vc_column-inner\"><div class=\"wpb_wrapper\"><div id=\"cz_1632\" class=\"cz_1632 cz_banner clr\">\n\t\t\t<figure class=\"effect-style1\">\n\t\t\t\t<img decoding=\"async\" width=\"2048\" height=\"392\" src=\"https:\/\/bashkimi.ch\/wp-content\/uploads\/2026\/06\/Banneri-per-donacione-white-cutted-1-2048x392-1.png\" class=\"attachment-full\" alt=\"Banneri per donacione white cutted 1 2048x392\" title=\"Banneri-per-donacione-white-cutted-1-2048x392\" srcset=\"https:\/\/bashkimi.ch\/wp-content\/uploads\/2026\/06\/Banneri-per-donacione-white-cutted-1-2048x392-1.png 2048w, https:\/\/bashkimi.ch\/wp-content\/uploads\/2026\/06\/Banneri-per-donacione-white-cutted-1-2048x392-1-300x57.png 300w, https:\/\/bashkimi.ch\/wp-content\/uploads\/2026\/06\/Banneri-per-donacione-white-cutted-1-2048x392-1-1024x196.png 1024w, https:\/\/bashkimi.ch\/wp-content\/uploads\/2026\/06\/Banneri-per-donacione-white-cutted-1-2048x392-1-768x147.png 768w, https:\/\/bashkimi.ch\/wp-content\/uploads\/2026\/06\/Banneri-per-donacione-white-cutted-1-2048x392-1-1536x294.png 1536w, https:\/\/bashkimi.ch\/wp-content\/uploads\/2026\/06\/Banneri-per-donacione-white-cutted-1-2048x392-1-18x3.png 18w, https:\/\/bashkimi.ch\/wp-content\/uploads\/2026\/06\/Banneri-per-donacione-white-cutted-1-2048x392-1-600x115.png 600w\" sizes=\"auto, (max-width: 2048px) 100vw, 2048px\" loading=\"lazy\" \/>\n\t\t\t\t<figcaption><div><\/div><a href=\"https:\/\/www.albradio.ch\/misioni#donation\" target=\"_blank\" rel=\"noopener\"> <\/a><\/figcaption>\t\t\t\n\t\t\t<\/figure>\n\t\t<\/div><\/div><\/div><\/div><div class=\"wpb_column vc_column_container vc_col-sm-6\"><div class=\"vc_column-inner\"><div class=\"wpb_wrapper\"><\/div><\/div><\/div><\/div>\n<\/div>","protected":false},"excerpt":{"rendered":"Shoqata Kulturore Bashkimi me ju q\u00eb nga viti 1993 BASHKIMI \u00ebsht\u00eb nj\u00eb shoqat\u00eb shqiptare n\u00eb Zvic\u00ebr q\u00eb promovon kultur\u00ebn shqiptare","protected":false},"author":1,"featured_media":0,"parent":0,"menu_order":0,"comment_status":"closed","ping_status":"closed","template":"","meta":{"footnotes":""},"class_list":["post-12","page","type-page","status-publish","hentry"],"_links":{"self":[{"href":"https:\/\/bashkimi.ch\/de\/wp-json\/wp\/v2\/pages\/12","targetHints":{"allow":["GET"]}}],"collection":[{"href":"https:\/\/bashkimi.ch\/de\/wp-json\/wp\/v2\/pages"}],"about":[{"href":"https:\/\/bashkimi.ch\/de\/wp-json\/wp\/v2\/types\/page"}],"author":[{"embeddable":true,"href":"https:\/\/bashkimi.ch\/de\/wp-json\/wp\/v2\/users\/1"}],"replies":[{"embeddable":true,"href":"https:\/\/bashkimi.ch\/de\/wp-json\/wp\/v2\/comments?post=12"}],"version-history":[{"count":215,"href":"https:\/\/bashkimi.ch\/de\/wp-json\/wp\/v2\/pages\/12\/revisions"}],"predecessor-version":[{"id":4484,"href":"https:\/\/bashkimi.ch\/de\/wp-json\/wp\/v2\/pages\/12\/revisions\/4484"}],"wp:attachment":[{"href":"https:\/\/bashkimi.ch\/de\/wp-json\/wp\/v2\/media?parent=12"}],"curies":[{"name":"wp","href":"https:\/\/api.w.org\/{rel}","templated":true}]}}